{"version":"1.0","provider_name":"RAMINA","provider_url":"https:\/\/ramina.fr","author_name":"Ramina R\u00e9seau","author_url":"https:\/\/ramina.fr\/index.php\/author\/reseau-ramina\/","title":"Bonjour, je m\u2019appelle Ahmed, j\u2019ai 16 ans et je suis ivoirien, \u00e7a fait quelques jours que je suis arriv\u00e9 \u00e0 Marseille \ud83d\ude42 | RAMINA","type":"rich","width":600,"height":338,"html":"<blockquote class=\"wp-embedded-content\" data-secret=\"6xfmUR2bEi\"><a href=\"https:\/\/ramina.fr\/index.php\/2021\/06\/25\/bonjour-je-mappelle-ahmed\/\">Bonjour, je m\u2019appelle Ahmed, j\u2019ai 16 ans et je suis ivoirien, \u00e7a fait quelques jours que je suis arriv\u00e9 \u00e0 Marseille \ud83d\ude42<\/a><\/blockquote><iframe sandbox=\"allow-scripts\" security=\"restricted\" src=\"https:\/\/ramina.fr\/index.php\/2021\/06\/25\/bonjour-je-mappelle-ahmed\/embed\/#?secret=6xfmUR2bEi\" width=\"600\" height=\"338\" title=\"\u00ab\u00a0Bonjour, je m\u2019appelle Ahmed, j\u2019ai 16 ans et je suis ivoirien, \u00e7a fait quelques jours que je suis arriv\u00e9 \u00e0 Marseille \ud83d\ude42\u00a0\u00bb &#8212; RAMINA\" data-secret=\"6xfmUR2bEi\" frameborder=\"0\" marginwidth=\"0\" marginheight=\"0\" scrolling=\"no\" class=\"wp-embedded-content\"><\/iframe><script>\n\/*! This file is auto-generated *\/\n!function(d,l){\"use strict\";l.querySelector&&d.addEventListener&&\"undefined\"!=typeof URL&&(d.wp=d.wp||{},d.wp.receiveEmbedMessage||(d.wp.receiveEmbedMessage=function(e){var t=e.data;if((t||t.secret||t.message||t.value)&&!\/[^a-zA-Z0-9]\/.test(t.secret)){for(var s,r,n,a=l.querySelectorAll('iframe[data-secret=\"'+t.secret+'\"]'),o=l.querySelectorAll('blockquote[data-secret=\"'+t.secret+'\"]'),c=new RegExp(\"^https?:$\",\"i\"),i=0;i<o.length;i++)o[i].style.display=\"none\";for(i=0;i<a.length;i++)s=a[i],e.source===s.contentWindow&&(s.removeAttribute(\"style\"),\"height\"===t.message?(1e3<(r=parseInt(t.value,10))?r=1e3:~~r<200&&(r=200),s.height=r):\"link\"===t.message&&(r=new URL(s.getAttribute(\"src\")),n=new URL(t.value),c.test(n.protocol))&&n.host===r.host&&l.activeElement===s&&(d.top.location.href=t.value))}},d.addEventListener(\"message\",d.wp.receiveEmbedMessage,!1),l.addEventListener(\"DOMContentLoaded\",function(){for(var e,t,s=l.querySelectorAll(\"iframe.wp-embedded-content\"),r=0;r<s.length;r++)(t=(e=s[r]).getAttribute(\"data-secret\"))||(t=Math.random().toString(36).substring(2,12),e.src+=\"#?secret=\"+t,e.setAttribute(\"data-secret\",t)),e.contentWindow.postMessage({message:\"ready\",secret:t},\"*\")},!1)))}(window,document);\n<\/script>\n","description":"Petit, j\u2019ai grandi \u00e0 la ville en C\u00f4te d\u2019Ivoire avec mon papa et ma maman. J\u2019allais \u00e0 l\u2019\u00e9cole, j\u2019ai fait 5 ans, j\u2019ai appris \u00e0 lire et \u00e0 \u00e9crire en fran\u00e7ais. Puis un jour, le grand fr\u00e8re de mon p\u00e8re m\u2019a dit que j\u2019allais passer les vacances chez lui au village. Quand je suis arriv\u00e9, &hellip; Continuer la lecture de &laquo;&nbsp;&nbsp;&raquo;","thumbnail_url":"https:\/\/ramina.fr\/wp-content\/uploads\/2025\/02\/ramina-image-mise-avant-wordpress.jpg","thumbnail_width":1200,"thumbnail_height":675}