{"version":"1.0","provider_name":"RAMINA","provider_url":"https:\/\/ramina.fr","author_name":"Ramina R\u00e9seau","author_url":"https:\/\/ramina.fr\/index.php\/author\/reseau-ramina\/","title":"\u00c0 la facult\u00e9 d\u2019\u00c9conomie et Gestion Colbert \ud83d\udc31 | RAMINA","type":"rich","width":600,"height":338,"html":"<blockquote class=\"wp-embedded-content\" data-secret=\"4jO4mfVJ3d\"><a href=\"https:\/\/ramina.fr\/index.php\/2020\/03\/12\/a-la-faculte-deconomie-et-gestion-colbert\/\">\u00c0 la facult\u00e9 d\u2019\u00c9conomie et Gestion Colbert \ud83d\udc31<\/a><\/blockquote><iframe sandbox=\"allow-scripts\" security=\"restricted\" src=\"https:\/\/ramina.fr\/index.php\/2020\/03\/12\/a-la-faculte-deconomie-et-gestion-colbert\/embed\/#?secret=4jO4mfVJ3d\" width=\"600\" height=\"338\" title=\"\u00ab\u00a0\u00c0 la facult\u00e9 d\u2019\u00c9conomie et Gestion Colbert \ud83d\udc31\u00a0\u00bb &#8212; RAMINA\" data-secret=\"4jO4mfVJ3d\" frameborder=\"0\" marginwidth=\"0\" marginheight=\"0\" scrolling=\"no\" class=\"wp-embedded-content\"><\/iframe><script>\n\/*! This file is auto-generated *\/\n!function(d,l){\"use strict\";l.querySelector&&d.addEventListener&&\"undefined\"!=typeof URL&&(d.wp=d.wp||{},d.wp.receiveEmbedMessage||(d.wp.receiveEmbedMessage=function(e){var t=e.data;if((t||t.secret||t.message||t.value)&&!\/[^a-zA-Z0-9]\/.test(t.secret)){for(var s,r,n,a=l.querySelectorAll('iframe[data-secret=\"'+t.secret+'\"]'),o=l.querySelectorAll('blockquote[data-secret=\"'+t.secret+'\"]'),c=new RegExp(\"^https?:$\",\"i\"),i=0;i<o.length;i++)o[i].style.display=\"none\";for(i=0;i<a.length;i++)s=a[i],e.source===s.contentWindow&&(s.removeAttribute(\"style\"),\"height\"===t.message?(1e3<(r=parseInt(t.value,10))?r=1e3:~~r<200&&(r=200),s.height=r):\"link\"===t.message&&(r=new URL(s.getAttribute(\"src\")),n=new URL(t.value),c.test(n.protocol))&&n.host===r.host&&l.activeElement===s&&(d.top.location.href=t.value))}},d.addEventListener(\"message\",d.wp.receiveEmbedMessage,!1),l.addEventListener(\"DOMContentLoaded\",function(){for(var e,t,s=l.querySelectorAll(\"iframe.wp-embedded-content\"),r=0;r<s.length;r++)(t=(e=s[r]).getAttribute(\"data-secret\"))||(t=Math.random().toString(36).substring(2,12),e.src+=\"#?secret=\"+t,e.setAttribute(\"data-secret\",t)),e.contentWindow.postMessage({message:\"ready\",secret:t},\"*\")},!1)))}(window,document);\n<\/script>\n","description":"Ce jeudi le chat ramina est all\u00e9 \u00e9tudier \u00e0 la Facult\u00e9 d&rsquo;Economie et Gestion \u00ab\u00a0Colbert\u00a0\u00bb 14 Rue Puvis de Chavannes, 13001 Marseille. Rdv mardi prochain pour connaitre dans quel nouveau lieu marseillais le matou Ramina (R\u00e9seau d\u2019Accueil des MInots Non Accompagn\u00e9s) est parti s\u2019afficher. \u270c\ufe0fPartagez, likez, boul\u00e9guez \u270c\ufe0f","thumbnail_url":"http:\/\/ramina.fr\/wp-content\/uploads\/2020\/03\/IMG-20200311-WA0000-505x1024.jpeg"}