{"version":"1.0","provider_name":"RAMINA","provider_url":"https:\/\/ramina.fr","author_name":"Ramina R\u00e9seau","author_url":"https:\/\/ramina.fr\/index.php\/author\/reseau-ramina\/","title":"\u00c0 l'espace sant\u00e9 jeunes \"Imajes Sant\u00e9\" \ud83d\udc31 | RAMINA","type":"rich","width":600,"height":338,"html":"<blockquote class=\"wp-embedded-content\" data-secret=\"3j2hvUh0h2\"><a href=\"https:\/\/ramina.fr\/index.php\/2020\/03\/10\/a-lespace-sante-jeunes-imajes-sante\/\">\u00c0 l&rsquo;espace sant\u00e9 jeunes \u00ab\u00a0Imajes Sant\u00e9\u00a0\u00bb \ud83d\udc31<\/a><\/blockquote><iframe sandbox=\"allow-scripts\" security=\"restricted\" src=\"https:\/\/ramina.fr\/index.php\/2020\/03\/10\/a-lespace-sante-jeunes-imajes-sante\/embed\/#?secret=3j2hvUh0h2\" width=\"600\" height=\"338\" title=\"\u00ab\u00a0\u00c0 l&rsquo;espace sant\u00e9 jeunes \u00ab\u00a0Imajes Sant\u00e9\u00a0\u00bb \ud83d\udc31\u00a0\u00bb &#8212; RAMINA\" data-secret=\"3j2hvUh0h2\" frameborder=\"0\" marginwidth=\"0\" marginheight=\"0\" scrolling=\"no\" class=\"wp-embedded-content\"><\/iframe><script>\n\/*! This file is auto-generated *\/\n!function(d,l){\"use strict\";l.querySelector&&d.addEventListener&&\"undefined\"!=typeof URL&&(d.wp=d.wp||{},d.wp.receiveEmbedMessage||(d.wp.receiveEmbedMessage=function(e){var t=e.data;if((t||t.secret||t.message||t.value)&&!\/[^a-zA-Z0-9]\/.test(t.secret)){for(var s,r,n,a=l.querySelectorAll('iframe[data-secret=\"'+t.secret+'\"]'),o=l.querySelectorAll('blockquote[data-secret=\"'+t.secret+'\"]'),c=new RegExp(\"^https?:$\",\"i\"),i=0;i<o.length;i++)o[i].style.display=\"none\";for(i=0;i<a.length;i++)s=a[i],e.source===s.contentWindow&&(s.removeAttribute(\"style\"),\"height\"===t.message?(1e3<(r=parseInt(t.value,10))?r=1e3:~~r<200&&(r=200),s.height=r):\"link\"===t.message&&(r=new URL(s.getAttribute(\"src\")),n=new URL(t.value),c.test(n.protocol))&&n.host===r.host&&l.activeElement===s&&(d.top.location.href=t.value))}},d.addEventListener(\"message\",d.wp.receiveEmbedMessage,!1),l.addEventListener(\"DOMContentLoaded\",function(){for(var e,t,s=l.querySelectorAll(\"iframe.wp-embedded-content\"),r=0;r<s.length;r++)(t=(e=s[r]).getAttribute(\"data-secret\"))||(t=Math.random().toString(36).substring(2,12),e.src+=\"#?secret=\"+t,e.setAttribute(\"data-secret\",t)),e.contentWindow.postMessage({message:\"ready\",secret:t},\"*\")},!1)))}(window,document);\n<\/script>\n","description":"Ce mardi le chat ramina est all\u00e9 consulter \u00e0 l&rsquo;espace sant\u00e9 jeunes \u00ab\u00a0Imajes Sant\u00e9\u00a0\u00bb au 35 rue Estelle 13001 Marseille. Rdv jeudi pour connaitre dans quel nouveau lieu marseillais le matou Ramina (R\u00e9seau d\u2019Accueil des MInots Non Accompagn\u00e9s) est parti s\u2019afficher. \u270c\ufe0fPartagez, likez, boul\u00e9guez \u270c\ufe0f","thumbnail_url":"https:\/\/ramina.fr\/wp-content\/uploads\/2020\/03\/IMG-20200304-WA0008-505x1024.jpeg"}